{"id":18049,"date":"2023-12-10T12:19:57","date_gmt":"2023-12-10T12:19:57","guid":{"rendered":"https:\/\/the-rsgroup.com\/ueber-rs\/organization\/"},"modified":"2026-02-16T15:12:18","modified_gmt":"2026-02-16T15:12:18","slug":"organisation-struktur","status":"publish","type":"page","link":"https:\/\/the-rsgroup.com\/de\/ueber-rs\/organisation-struktur\/","title":{"rendered":"Organisation\/Struktur"},"content":{"rendered":"<div class=\"wpb-content-wrapper\"><p>[vc_section full_width=&#8220;stretch_row&#8220; content_placement=&#8220;middle&#8220; min_height=&#8220;480&#8243; css=&#8220;.vc_custom_1763458178255{background-image: url(https:\/\/the-rsgroup.com\/wp-content\/uploads\/2025\/09\/version2-scaled.webp?id=24384) !important;background-position: center !important;background-repeat: no-repeat !important;background-size: cover !important;}&#8220; el_class=&#8220;inner-page-banner-section&#8220;][vc_row][vc_column][apress_heading sub_title=&#8220;&#8220; content_alignment=&#8220;left&#8220; data_animation=&#8220;fadeInRight&#8220; enable_delimiter=&#8220;&#8220; style=&#8220;heading_style1&#8243; title_font_options=&#8220;tag:h1&#8243; subtitle_font_options=&#8220;tag:div&#8220;]Organisation \/ Struktur[\/apress_heading][\/vc_column][\/vc_row][\/vc_section][vc_row css=&#8220;.vc_custom_1758173025204{padding-top: 80px !important;padding-bottom: 80px !important;}&#8220;][vc_column apress_zindex=&#8220;9&#8243; css=&#8220;.vc_custom_1701013509166{padding-top: 0px !important;padding-bottom: 0px !important;}&#8220; el_class=&#8220;custom_sidebar high_zIndex&#8220;][apress_heading sub_title=&#8220;&#8220; content_alignment=&#8220;left&#8220; enable_delimiter=&#8220;&#8220; color_scheme=&#8220;color_scheme1&#8243; style=&#8220;heading_style1&#8243; title_font_options=&#8220;tag:h2|letter_spacing:1&#8243; subtitle_font_options=&#8220;tag:div&#8220; heading_margin=&#8220;margin-bottom:30&#8243; subheading_margin=&#8220;margin-bottom:30&#8243; class=&#8220;h2-heading-custom&#8220;]Die dezentralisierte Struktur bei der R&amp;S Gruppe bringt starke, etablierte Marken zusammen.[\/apress_heading][vc_column_text css=&#8220;&#8220;]<\/p>\n<ul>\n<li>Rauscher &amp; Stoecklin: Verteilertransformatoren, Freileitungsschalter, Hochstromstecker<\/li>\n<li>ZREW: Leistungstransformatoren<\/li>\n<li>Tesar: Gie\u00dfharztransformatoren, Messwandler<\/li>\n<li>Kyte Powertech: Verteilertransformatoren<\/li>\n<\/ul>\n<p>[\/vc_column_text][\/vc_column][\/vc_row][vc_row full_width=&#8220;stretch_row&#8220; equal_height=&#8220;yes&#8220; bg_type=&#8220;bg_color&#8220; css=&#8220;.vc_custom_1758175761127{margin-top: 0px !important;padding-top: 80px !important;padding-bottom: 80px !important;}&#8220; bg_color_value=&#8220;#f8f8f8&#8243; el_class=&#8220;organization team-member&#8220;][vc_column][vc_row_inner equal_height=&#8220;yes&#8220; gap=&#8220;20&#8243;][vc_column_inner el_class=&#8220;custom_sidebar&#8220;][apress_heading sub_title=&#8220;&#8220; content_alignment=&#8220;left&#8220; enable_delimiter=&#8220;&#8220; color_scheme=&#8220;color_scheme1&#8243; style=&#8220;heading_style1&#8243; title_font_options=&#8220;tag:h2|font_size:37|letter_spacing:1&#8243; subtitle_font_options=&#8220;tag:div&#8220; heading_margin=&#8220;margin-bottom:30&#8243; subheading_margin=&#8220;margin-bottom:30&#8243;]Verwaltungsrat[\/apress_heading][\/vc_column_inner][\/vc_row_inner][vc_row_inner equal_height=&#8220;yes&#8220; gap=&#8220;20&#8243;][vc_column_inner el_class=&#8220;custom_sidebar&#8220; width=&#8220;1\/3&#8243;]<div class=\"ult-team-member-wrap ult-style-2  \" data-responsive_width=\"1050\" style=\"background-color:#000000\"><div class=\"ult-team-member-image\" style=\"\" data-opacity=\"0.7\" data-hover_opacity=\"0.4\" > <img decoding=\"async\" src=\"https:\/\/the-rsgroup.com\/wp-content\/uploads\/2023\/12\/HeinzKundert.jpg\" alt=\"null\"  style=\"opacity:0.7\"><\/div><div class=\"ult-team-member-bio-wrap ultimate-heading69f38eb6499df\"><div class=\"ult-team-member-name-wrap\"  style=\"text-align:left;padding:40px; \"><h2 class=\"ult-team-member-name ult-responsive\"  data-ultimate-target='.ult-team-member-bio-wrap.ultimate-heading69f38eb6499df .ult-team-member-name'  data-responsive-json-new='{\"font-size\":\"desktop:35px;\",\"line-height\":\"desktop:45px;\"}'  style=\"color:#ffffff;\">Heinz Kundert<\/h2><div class=\"ult-team-member-position ult-responsive\"  data-ultimate-target='.ult-team-member-bio-wrap.ultimate-heading69f38eb6499df .ult-team-member-position'  data-responsive-json-new='{\"font-size\":\"desktop:20px;\",\"line-height\":\"desktop:34px;\"}'  style=\"color:#ffffff;\">Pr\u00e4sident des Verwaltungsrates<\/div><\/div><div class=\"ult-team_description_slide\"  style=\"text-align:left;padding:40px; \"><div class=\"ult-team-member-description ult-responsive\"  data-ultimate-target='.ult-team-member-bio-wrap.ultimate-heading69f38eb6499df .ult-team-member-description'  data-responsive-json-new='{\"font-size\":\"\",\"line-height\":\"\"}'  style=\"color:#ffffff;\"><p>Heinz Kundert kann auf eine erfolgreiche Laufbahn in der globalen Halbleiterindustrie und verwandten Branchen zur\u00fcckblicken, mit leitenden Positionen bei Oerlikon-Buehrle (sp\u00e4ter umbenannt in Unaxis AG). Zwischen 2015 und 2018 war Heinz Kundert CEO der VAT Group AG, die er in ein b\u00f6rsenkotiertes Unternehmen umwandelte.<\/p><\/div><div style=\"margin-bottom:15px\"><\/div><\/div><\/div><\/div>[\/vc_column_inner][vc_column_inner el_class=&#8220;custom_sidebar&#8220; width=&#8220;1\/3&#8243;]<div class=\"ult-team-member-wrap ult-style-2  \" data-responsive_width=\"1050\" style=\"background-color:#000000\"><div class=\"ult-team-member-image\" style=\"\" data-opacity=\"0.7\" data-hover_opacity=\"0.4\" > <img decoding=\"async\" src=\"https:\/\/the-rsgroup.com\/wp-content\/uploads\/2025\/10\/Monika-Krusi-1.jpg\" alt=\"null\"  style=\"opacity:0.7\"><\/div><div class=\"ult-team-member-bio-wrap ultimate-heading69f38eb64a4ef\"><div class=\"ult-team-member-name-wrap\"  style=\"text-align:left;padding:40px; \"><h2 class=\"ult-team-member-name ult-responsive\"  data-ultimate-target='.ult-team-member-bio-wrap.ultimate-heading69f38eb64a4ef .ult-team-member-name'  data-responsive-json-new='{\"font-size\":\"desktop:35px;\",\"line-height\":\"desktop:45px;\"}'  style=\"color:#ffffff;\">Dr. Monika Kr\u00fcsi<\/h2><div class=\"ult-team-member-position ult-responsive\"  data-ultimate-target='.ult-team-member-bio-wrap.ultimate-heading69f38eb64a4ef .ult-team-member-position'  data-responsive-json-new='{\"font-size\":\"desktop:20px;\",\"line-height\":\"desktop:34px;\"}'  style=\"color:#ffffff;\">Vizepr\u00e4sidentin des Verwaltungsrats, Mitglied des Technologieausschusses<\/div><\/div><div class=\"ult-team_description_slide\"  style=\"text-align:left;padding:40px; \"><div class=\"ult-team-member-description ult-responsive\"  data-ultimate-target='.ult-team-member-bio-wrap.ultimate-heading69f38eb64a4ef .ult-team-member-description'  data-responsive-json-new='{\"font-size\":\"\",\"line-height\":\"\"}'  style=\"color:#ffffff;\"><p>Seit 2003 ist Dr. Monika Kr\u00fcsi Partnerin bei MKP Consulting AG und ber\u00e4t Industrie- und Netzwerkkunden. Zuvor war sie bei McKinsey &amp; Co. und Venture Incubator Partners t\u00e4tig und verf\u00fcgt \u00fcber einen starken Hintergrund in den Bereichen Strategie, Betrieb und technologieorientierte Investitionen.<\/p><\/div><div style=\"margin-bottom:15px\"><\/div><\/div><\/div><\/div>[\/vc_column_inner][vc_column_inner el_class=&#8220;custom_sidebar&#8220; width=&#8220;1\/3&#8243;]<div class=\"ult-team-member-wrap ult-style-2  \" data-responsive_width=\"1050\" style=\"background-color:#000000\"><div class=\"ult-team-member-image\" style=\"\" data-opacity=\"0.7\" data-hover_opacity=\"0.4\" > <img decoding=\"async\" src=\"https:\/\/the-rsgroup.com\/wp-content\/uploads\/2023\/12\/BeatrixNatter.jpg\" alt=\"null\"  style=\"opacity:0.7\"><\/div><div class=\"ult-team-member-bio-wrap ultimate-heading69f38eb64aea2\"><div class=\"ult-team-member-name-wrap\"  style=\"text-align:left;padding:40px; \"><h2 class=\"ult-team-member-name ult-responsive\"  data-ultimate-target='.ult-team-member-bio-wrap.ultimate-heading69f38eb64aea2 .ult-team-member-name'  data-responsive-json-new='{\"font-size\":\"desktop:35px;\",\"line-height\":\"desktop:45px;\"}'  style=\"color:#ffffff;\">Dr. Beatrix Natter<\/h2><div class=\"ult-team-member-position ult-responsive\"  data-ultimate-target='.ult-team-member-bio-wrap.ultimate-heading69f38eb64aea2 .ult-team-member-position'  data-responsive-json-new='{\"font-size\":\"desktop:20px;\",\"line-height\":\"desktop:34px;\"}'  style=\"color:#ffffff;\">Nicht-exekutives Mitglied des Verwaltungsrates, Pr\u00e4sidentin des Technologieausschusses, Mitglied des Nominierungs- und Verg\u00fctungsausschusses<\/div><\/div><div class=\"ult-team_description_slide\"  style=\"text-align:left;padding:40px; \"><div class=\"ult-team-member-description ult-responsive\"  data-ultimate-target='.ult-team-member-bio-wrap.ultimate-heading69f38eb64aea2 .ult-team-member-description'  data-responsive-json-new='{\"font-size\":\"\",\"line-height\":\"\"}'  style=\"color:#ffffff;\"><p>Seit 2022 ist Dr. Beatrix Natter selbst\u00e4ndige Beraterin f\u00fcr Unternehmensstrategien im Bereich Transmission. Von 2020-2022 war sie Executive Vice President f\u00fcr den Gesch\u00e4ftsbereich Transmission bei der Siemens Energy AG, Erlangen sowie Vice President f\u00fcr den Gesch\u00e4ftsbereich Transformatoren der Siemens AG, N\u00fcrnberg.<\/p><\/div><div style=\"margin-bottom:15px\"><\/div><\/div><\/div><\/div>[\/vc_column_inner][\/vc_row_inner][vc_row_inner equal_height=&#8220;yes&#8220; gap=&#8220;20&#8243;][vc_column_inner el_class=&#8220;custom_sidebar&#8220; width=&#8220;1\/3&#8243;]<div class=\"ult-team-member-wrap ult-style-2  \" data-responsive_width=\"1050\" style=\"background-color:#000000\"><div class=\"ult-team-member-image\" style=\"\" data-opacity=\"0.7\" data-hover_opacity=\"0.4\" > <img decoding=\"async\" src=\"https:\/\/the-rsgroup.com\/wp-content\/uploads\/2026\/01\/Deborah-Carlson-Burkart.webp\" alt=\"null\"  style=\"opacity:0.7\"><\/div><div class=\"ult-team-member-bio-wrap ultimate-heading69f38eb64bb3a\"><div class=\"ult-team-member-name-wrap\"  style=\"text-align:left;padding:40px; \"><h2 class=\"ult-team-member-name ult-responsive\"  data-ultimate-target='.ult-team-member-bio-wrap.ultimate-heading69f38eb64bb3a .ult-team-member-name'  data-responsive-json-new='{\"font-size\":\"desktop:35px;\",\"line-height\":\"desktop:45px;\"}'  style=\"color:#ffffff;\">D\u00e9borah Carlson-Burkart<\/h2><div class=\"ult-team-member-position ult-responsive\"  data-ultimate-target='.ult-team-member-bio-wrap.ultimate-heading69f38eb64bb3a .ult-team-member-position'  data-responsive-json-new='{\"font-size\":\"desktop:20px;\",\"line-height\":\"desktop:34px;\"}'  style=\"color:#ffffff;\">Nicht-exekutives Mitglied des Verwaltungsrates, Pr\u00e4sidentin des Nominierungs- und Verg\u00fctungsausschusses, Mitglied des Pr\u00fcfungs- und Risikoausschusses<\/div><\/div><div class=\"ult-team_description_slide\"  style=\"text-align:left;padding:40px; \"><div class=\"ult-team-member-description ult-responsive\"  data-ultimate-target='.ult-team-member-bio-wrap.ultimate-heading69f38eb64bb3a .ult-team-member-description'  data-responsive-json-new='{\"font-size\":\"\",\"line-height\":\"\"}'  style=\"color:#ffffff;\"><p>D\u00e9borah Carlson-Burkart ist Verwaltungsr\u00e4tin verschiedener Unternehmungen und Rechtsanw\u00e4ltin bei Eversheds Sutherland. Zuvor war sie in unterschiedlichen Management Funktionen bei Strategy, USA, Alstom, Schweiz und Rothschild Gruppe, Schweiz und Italien, t\u00e4tig. Seit 2022 ist sie Gastdozentin an der Universit\u00e4t St. Gallen, HSG und der Swiss Board School.<\/p><\/div><div style=\"margin-bottom:15px\"><\/div><\/div><\/div><\/div>[\/vc_column_inner][vc_column_inner el_class=&#8220;custom_sidebar&#8220; width=&#8220;1\/3&#8243;]<div class=\"ult-team-member-wrap ult-style-2  \" data-responsive_width=\"1050\" style=\"background-color:#000000\"><div class=\"ult-team-member-image\" style=\"\" data-opacity=\"0.7\" data-hover_opacity=\"0.4\" > <img decoding=\"async\" src=\"https:\/\/the-rsgroup.com\/wp-content\/uploads\/2023\/12\/AndreasLeutenegger1.jpg\" alt=\"null\"  style=\"opacity:0.7\"><\/div><div class=\"ult-team-member-bio-wrap ultimate-heading69f38eb64c6ae\"><div class=\"ult-team-member-name-wrap\"  style=\"text-align:left;padding:40px; \"><h2 class=\"ult-team-member-name ult-responsive\"  data-ultimate-target='.ult-team-member-bio-wrap.ultimate-heading69f38eb64c6ae .ult-team-member-name'  data-responsive-json-new='{\"font-size\":\"desktop:35px;\",\"line-height\":\"desktop:45px;\"}'  style=\"color:#ffffff;\">Andreas Leutenegger<\/h2><div class=\"ult-team-member-position ult-responsive\"  data-ultimate-target='.ult-team-member-bio-wrap.ultimate-heading69f38eb64c6ae .ult-team-member-position'  data-responsive-json-new='{\"font-size\":\"desktop:20px;\",\"line-height\":\"desktop:34px;\"}'  style=\"color:#ffffff;\">Nicht-exekutives Mitglied des Verwaltungsrates, Pr\u00e4sident des Pr\u00fcfungs- und Risikoausschusses<\/div><\/div><div class=\"ult-team_description_slide\"  style=\"text-align:left;padding:40px; \"><div class=\"ult-team-member-description ult-responsive\"  data-ultimate-target='.ult-team-member-bio-wrap.ultimate-heading69f38eb64c6ae .ult-team-member-description'  data-responsive-json-new='{\"font-size\":\"\",\"line-height\":\"\"}'  style=\"color:#ffffff;\"><p>Andreas Leutenegger ist Unternehmer, Investor und Mitglied des Verwaltungsrates. Von 2019 bis 2020 fungierte er als CFO und Senior Vice President der Amann Girrbach AG. Von 2015 bis 2019 war er CFO und Executive Vice President der VAT Group AG in Z\u00fcrich und wandelte diese von einem Familienunternehmen in eine Aktiengesellschaft um.<\/p><\/div><div style=\"margin-bottom:15px\"><\/div><\/div><\/div><\/div>[\/vc_column_inner][vc_column_inner width=&#8220;1\/3&#8243;][\/vc_column_inner][\/vc_row_inner][\/vc_column][\/vc_row][vc_row full_width=&#8220;stretch_row&#8220; equal_height=&#8220;yes&#8220; css=&#8220;.vc_custom_1758176329692{margin-top: 0px !important;padding-top: 80px !important;padding-bottom: 80px !important;}&#8220; row_name=&#8220;locations&#8220; el_class=&#8220;organization team-member&#8220;][vc_column][vc_row_inner equal_height=&#8220;yes&#8220; gap=&#8220;20&#8243;][vc_column_inner el_class=&#8220;custom_sidebar&#8220;][apress_heading sub_title=&#8220;&#8220; content_alignment=&#8220;left&#8220; enable_delimiter=&#8220;&#8220; color_scheme=&#8220;color_scheme1&#8243; style=&#8220;heading_style1&#8243; title_font_options=&#8220;tag:h2|font_size:26|letter_spacing:1&#8243; subtitle_font_options=&#8220;tag:div&#8220; heading_margin=&#8220;margin-bottom:30&#8243; subheading_margin=&#8220;margin-bottom:30&#8243;]Exekutivkomitee[\/apress_heading][\/vc_column_inner][\/vc_row_inner][vc_row_inner equal_height=&#8220;yes&#8220; gap=&#8220;20&#8243;][vc_column_inner el_class=&#8220;custom_sidebar&#8220; width=&#8220;1\/3&#8243;]<div class=\"ult-team-member-wrap ult-style-2  \" data-responsive_width=\"1050\" style=\"background-color:#000000\"><div class=\"ult-team-member-image\" style=\"\" data-opacity=\"0.7\" data-hover_opacity=\"0.4\" > <img decoding=\"async\" src=\"https:\/\/the-rsgroup.com\/wp-content\/uploads\/2025\/10\/Eduardo-Terzi-1.jpg\" alt=\"null\"  style=\"opacity:0.7\"><\/div><div class=\"ult-team-member-bio-wrap ultimate-heading69f38eb64d2c2\"><div class=\"ult-team-member-name-wrap\"  style=\"text-align:left;padding:40px; \"><h2 class=\"ult-team-member-name ult-responsive\"  data-ultimate-target='.ult-team-member-bio-wrap.ultimate-heading69f38eb64d2c2 .ult-team-member-name'  data-responsive-json-new='{\"font-size\":\"desktop:35px;\",\"line-height\":\"desktop:45px;\"}'  style=\"color:#ffffff;\">Eduardo Terzi<\/h2><div class=\"ult-team-member-position ult-responsive\"  data-ultimate-target='.ult-team-member-bio-wrap.ultimate-heading69f38eb64d2c2 .ult-team-member-position'  data-responsive-json-new='{\"font-size\":\"desktop:20px;\",\"line-height\":\"desktop:34px;\"}'  style=\"color:#ffffff;\">CEO R&amp;S Group Holding AG<\/div><\/div><div class=\"ult-team_description_slide\"  style=\"text-align:left;padding:40px; \"><div class=\"ult-team-member-description ult-responsive\"  data-ultimate-target='.ult-team-member-bio-wrap.ultimate-heading69f38eb64d2c2 .ult-team-member-description'  data-responsive-json-new='{\"font-size\":\"\",\"line-height\":\"\"}'  style=\"color:#ffffff;\"><p>Eduardo Terzi verf\u00fcgt \u00fcber mehr als zwei Jahrzehnte Erfahrung in der Transformatoren- und Energiebranche, darunter seine j\u00fcngste T\u00e4tigkeit als CEO des globalen Transformatoren-gesch\u00e4fts bei Siemens Energy. Im Laufe seiner Karriere hat er zahlreiche Unternehmens-transformationen geleitet, neue M\u00e4rkte erschlossen und mehrere Initiativen zur Leistungs-steigerung in grossen Konzernen wie Siemens Energy, Siemens AG und Motorola vorangetrieben.<\/p><\/div><div style=\"margin-bottom:15px\"><\/div><\/div><\/div><\/div>[\/vc_column_inner][vc_column_inner el_class=&#8220;custom_sidebar&#8220; width=&#8220;1\/3&#8243;]<div class=\"ult-team-member-wrap ult-style-2  \" data-responsive_width=\"1050\" style=\"background-color:#000000\"><div class=\"ult-team-member-image\" style=\"\" data-opacity=\"0.7\" data-hover_opacity=\"0.4\" > <img decoding=\"async\" src=\"https:\/\/the-rsgroup.com\/wp-content\/uploads\/2023\/12\/Matthias-Weibel-new.jpg\" alt=\"null\"  style=\"opacity:0.7\"><\/div><div class=\"ult-team-member-bio-wrap ultimate-heading69f38eb64e0ab\"><div class=\"ult-team-member-name-wrap\"  style=\"text-align:left;padding:40px; \"><h2 class=\"ult-team-member-name ult-responsive\"  data-ultimate-target='.ult-team-member-bio-wrap.ultimate-heading69f38eb64e0ab .ult-team-member-name'  data-responsive-json-new='{\"font-size\":\"desktop:35px;\",\"line-height\":\"desktop:45px;\"}'  style=\"color:#ffffff;\">Matthias P. Weibel<\/h2><div class=\"ult-team-member-position ult-responsive\"  data-ultimate-target='.ult-team-member-bio-wrap.ultimate-heading69f38eb64e0ab .ult-team-member-position'  data-responsive-json-new='{\"font-size\":\"desktop:20px;\",\"line-height\":\"desktop:34px;\"}'  style=\"color:#ffffff;\">CFO R&amp;S Group Holding AG<\/div><\/div><div class=\"ult-team_description_slide\"  style=\"text-align:left;padding:40px; \"><div class=\"ult-team-member-description ult-responsive\"  data-ultimate-target='.ult-team-member-bio-wrap.ultimate-heading69f38eb64e0ab .ult-team-member-description'  data-responsive-json-new='{\"font-size\":\"\",\"line-height\":\"\"}'  style=\"color:#ffffff;\"><p>Dr. Matthias P. Weibel verf\u00fcgt \u00fcber langj\u00e4hrige internationale Erfahrung und einen ausgewiesenen Track Record im Bereich Corporate Finance und International Management. Er hat f\u00fcr ABB, FAES-Gruppe und Raiffeisen gearbeitet. Seit 2011, Mitglied des Swissmem Council und seit 2017, Mitglied des Vorstands der Durrer Spezialmaschinen AG, Immensee.<\/p><\/div><div style=\"margin-bottom:15px\"><\/div><\/div><\/div><\/div>[\/vc_column_inner][vc_column_inner width=&#8220;1\/3&#8243;][\/vc_column_inner][\/vc_row_inner][vc_row_inner equal_height=&#8220;yes&#8220; gap=&#8220;20&#8243; css=&#8220;.vc_custom_1702305881732{padding-top: 60px !important;}&#8220;][vc_column_inner el_class=&#8220;custom_sidebar&#8220;][apress_heading sub_title=&#8220;&#8220; content_alignment=&#8220;left&#8220; enable_delimiter=&#8220;&#8220; color_scheme=&#8220;color_scheme1&#8243; style=&#8220;heading_style1&#8243; title_font_options=&#8220;tag:h2|font_size:26|letter_spacing:1&#8243; subtitle_font_options=&#8220;tag:div&#8220; heading_margin=&#8220;margin-bottom:30&#8243; subheading_margin=&#8220;margin-bottom:30&#8243;]Erweitertes Gruppenmanagement-Team[\/apress_heading][\/vc_column_inner][\/vc_row_inner][vc_row_inner equal_height=&#8220;yes&#8220; gap=&#8220;20&#8243;][vc_column_inner el_class=&#8220;custom_sidebar&#8220; width=&#8220;1\/4&#8243;]<div class=\"ult-team-member-wrap ult-style-2  \" data-responsive_width=\"1050\" style=\"background-color:#000000\"><div class=\"ult-team-member-image\" style=\"\" data-opacity=\"0.7\" data-hover_opacity=\"0.4\" > <img decoding=\"async\" src=\"https:\/\/the-rsgroup.com\/wp-content\/uploads\/2023\/02\/Axel-Kirchner.jpg\" alt=\"null\"  style=\"opacity:0.7\"><\/div><div class=\"ult-team-member-bio-wrap ultimate-heading69f38eb64ec47\"><div class=\"ult-team-member-name-wrap\"  style=\"text-align:left;padding:40px; \"><h2 class=\"ult-team-member-name ult-responsive\"  data-ultimate-target='.ult-team-member-bio-wrap.ultimate-heading69f38eb64ec47 .ult-team-member-name'  data-responsive-json-new='{\"font-size\":\"desktop:35px;\",\"line-height\":\"desktop:45px;\"}'  style=\"color:#ffffff;\">Axel Kirchner<\/h2><div class=\"ult-team-member-position ult-responsive\"  data-ultimate-target='.ult-team-member-bio-wrap.ultimate-heading69f38eb64ec47 .ult-team-member-position'  data-responsive-json-new='{\"font-size\":\"desktop:20px;\",\"line-height\":\"desktop:34px;\"}'  style=\"color:#ffffff;\">Chief Strategy Officer (CSO) R&amp;S International Holding AG<\/div><\/div><div class=\"ult-team_description_slide\"  style=\"text-align:left;padding:40px; \"><div class=\"ult-team-member-description ult-responsive\"  data-ultimate-target='.ult-team-member-bio-wrap.ultimate-heading69f38eb64ec47 .ult-team-member-description'  data-responsive-json-new='{\"font-size\":\"\",\"line-height\":\"\"}'  style=\"color:#ffffff;\"><p>Dr. Axel Kirchner ist seit 2020 Mitglied des erweiterten Gruppenmanagement-Teams der R&amp;S International Holding AG. Zuvor hat er f\u00fcr Targus Management Consulting AG und als Gr\u00fcnder und CEO von enXion Management Consulting, gearbeitet. Er verf\u00fcgt \u00fcber langj\u00e4hrige Erfahrung in betrieblichen Verbesserungen im Spezialmaschinenbau.<\/p><\/div><div style=\"margin-bottom:15px\"><\/div><\/div><\/div><\/div>[\/vc_column_inner][vc_column_inner el_class=&#8220;custom_sidebar&#8220; width=&#8220;1\/4&#8243;]<div class=\"ult-team-member-wrap ult-style-2  \" data-responsive_width=\"1050\" style=\"background-color:#000000\"><div class=\"ult-team-member-image\" style=\"\" data-opacity=\"0.7\" data-hover_opacity=\"0.4\" > <img decoding=\"async\" src=\"https:\/\/the-rsgroup.com\/wp-content\/uploads\/2023\/10\/RS-Group-New-CSO-Ulrich-Voss-1.1.jpg\" alt=\"null\"  style=\"opacity:0.7\"><\/div><div class=\"ult-team-member-bio-wrap ultimate-heading69f38eb64f00e\"><div class=\"ult-team-member-name-wrap\"  style=\"text-align:left;padding:40px; \"><h2 class=\"ult-team-member-name ult-responsive\"  data-ultimate-target='.ult-team-member-bio-wrap.ultimate-heading69f38eb64f00e .ult-team-member-name'  data-responsive-json-new='{\"font-size\":\"desktop:35px;\",\"line-height\":\"desktop:45px;\"}'  style=\"color:#ffffff;\">Ulrich Voss<\/h2><div class=\"ult-team-member-position ult-responsive\"  data-ultimate-target='.ult-team-member-bio-wrap.ultimate-heading69f38eb64f00e .ult-team-member-position'  data-responsive-json-new='{\"font-size\":\"desktop:20px;\",\"line-height\":\"desktop:34px;\"}'  style=\"color:#ffffff;\">Chief Sales Officer (CSO) R&amp;S International Holding AG<\/div><\/div><div class=\"ult-team_description_slide\"  style=\"text-align:left;padding:40px; \"><div class=\"ult-team-member-description ult-responsive\"  data-ultimate-target='.ult-team-member-bio-wrap.ultimate-heading69f38eb64f00e .ult-team-member-description'  data-responsive-json-new='{\"font-size\":\"\",\"line-height\":\"\"}'  style=\"color:#ffffff;\"><p>Ulrich Voss ist seit 2023 Mitglied des erweiterten Gruppenmanagement-Teams der R&amp;S International Holding AG. Zuvor hat er f\u00fcr SGB SMIT GmbH, SGB Regensburg Medium Power Transformers, Siemens Energy in Saudi-Arabien, Siemens Transformer Business und Siemens Industry, gearbeitet.<\/p><\/div><div style=\"margin-bottom:15px\"><\/div><\/div><\/div><\/div>[\/vc_column_inner][vc_column_inner el_class=&#8220;custom_sidebar&#8220; width=&#8220;1\/4&#8243;]<div class=\"ult-team-member-wrap ult-style-2  \" data-responsive_width=\"1050\" style=\"background-color:#000000\"><div class=\"ult-team-member-image\" style=\"\" data-opacity=\"0.7\" data-hover_opacity=\"0.4\" > <img decoding=\"async\" src=\"https:\/\/the-rsgroup.com\/wp-content\/uploads\/2026\/01\/uwe-janik.jpg\" alt=\"null\"  style=\"opacity:0.7\"><\/div><div class=\"ult-team-member-bio-wrap ultimate-heading69f38eb64fbf8\"><div class=\"ult-team-member-name-wrap\"  style=\"text-align:left;padding:40px; \"><h2 class=\"ult-team-member-name ult-responsive\"  data-ultimate-target='.ult-team-member-bio-wrap.ultimate-heading69f38eb64fbf8 .ult-team-member-name'  data-responsive-json-new='{\"font-size\":\"desktop:35px;\",\"line-height\":\"desktop:45px;\"}'  style=\"color:#ffffff;\">Uwe Janik<\/h2><div class=\"ult-team-member-position ult-responsive\"  data-ultimate-target='.ult-team-member-bio-wrap.ultimate-heading69f38eb64fbf8 .ult-team-member-position'  data-responsive-json-new='{\"font-size\":\"desktop:20px;\",\"line-height\":\"desktop:34px;\"}'  style=\"color:#ffffff;\">Chief Procurement Officer (CPO) R&amp;S International Holding AG<\/div><\/div><div class=\"ult-team_description_slide\"  style=\"text-align:left;padding:40px; \"><div class=\"ult-team-member-description ult-responsive\"  data-ultimate-target='.ult-team-member-bio-wrap.ultimate-heading69f38eb64fbf8 .ult-team-member-description'  data-responsive-json-new='{\"font-size\":\"\",\"line-height\":\"\"}'  style=\"color:#ffffff;\"><p>Uwe Janik trat im Januar 2026 dem erweiterten Managementteam der R&amp;S International Holding AG bei. Mit \u00fcber 30 Jahren internationaler Erfahrung in Engineering und Einkauf hatte er F\u00fchrungspositionen bei Siemens, AREVA und Alstom inne. Er verf\u00fcgt \u00fcber eine starke Erfolgsbilanz in der Steuerung globaler Lieferketten, der Kostenoptimierung und der Umsetzung komplexer technischer Projekte in den Bereichen Energie, Infrastruktur und Fertigungsindustrie.<\/p><\/div><div style=\"margin-bottom:15px\"><\/div><\/div><\/div><\/div>[\/vc_column_inner][vc_column_inner el_class=&#8220;custom_sidebar&#8220; width=&#8220;1\/4&#8243;]<div class=\"ult-team-member-wrap ult-style-2  \" data-responsive_width=\"1050\" style=\"background-color:#000000\"><div class=\"ult-team-member-image\" style=\"\" data-opacity=\"0.7\" data-hover_opacity=\"0.4\" > <img decoding=\"async\" src=\"https:\/\/the-rsgroup.com\/wp-content\/uploads\/2026\/01\/Gokhan.jpg\" alt=\"null\"  style=\"opacity:0.7\"><\/div><div class=\"ult-team-member-bio-wrap ultimate-heading69f38eb650499\"><div class=\"ult-team-member-name-wrap\"  style=\"text-align:left;padding:40px; \"><h2 class=\"ult-team-member-name ult-responsive\"  data-ultimate-target='.ult-team-member-bio-wrap.ultimate-heading69f38eb650499 .ult-team-member-name'  data-responsive-json-new='{\"font-size\":\"desktop:35px;\",\"line-height\":\"desktop:45px;\"}'  style=\"color:#ffffff;\">Gokhan Kalkan<\/h2><div class=\"ult-team-member-position ult-responsive\"  data-ultimate-target='.ult-team-member-bio-wrap.ultimate-heading69f38eb650499 .ult-team-member-position'  data-responsive-json-new='{\"font-size\":\"desktop:20px;\",\"line-height\":\"desktop:34px;\"}'  style=\"color:#ffffff;\">Chief Technology Officer (CTO) R&amp;S International Holding AG<\/div><\/div><div class=\"ult-team_description_slide\"  style=\"text-align:left;padding:40px; \"><div class=\"ult-team-member-description ult-responsive\"  data-ultimate-target='.ult-team-member-bio-wrap.ultimate-heading69f38eb650499 .ult-team-member-description'  data-responsive-json-new='{\"font-size\":\"\",\"line-height\":\"\"}'  style=\"color:#ffffff;\"><p>Dr. G\u00f6khan Kalkan ist im Januar 2026 dem erweiterten Managementteam der R&amp;S International Holding AG beigetreten. Zuvor war er als Engineering Manager und als Leiter Forschung &amp; Entwicklung in der Transformatorenindustrie t\u00e4tig und verf\u00fcgt \u00fcber mehr als 20 Jahre Erfahrung in der Auslegung von Sondertransformatoren, der Forschung sowie der Produkt- und technischen Entwicklung.<\/p><\/div><div style=\"margin-bottom:15px\"><\/div><\/div><\/div><\/div>[\/vc_column_inner][\/vc_row_inner][vc_row_inner equal_height=&#8220;yes&#8220; gap=&#8220;20&#8243;][vc_column_inner el_class=&#8220;custom_sidebar&#8220; width=&#8220;1\/4&#8243;]<div class=\"ult-team-member-wrap ult-style-2  \" data-responsive_width=\"1050\" style=\"background-color:#000000\"><div class=\"ult-team-member-image\" style=\"\" data-opacity=\"0.7\" data-hover_opacity=\"0.4\" > <img decoding=\"async\" src=\"https:\/\/the-rsgroup.com\/wp-content\/uploads\/2025\/12\/Marlo-color-with-background-3-2048x1083-1.jpg\" alt=\"null\"  style=\"opacity:0.7\"><\/div><div class=\"ult-team-member-bio-wrap ultimate-heading69f38eb650fa7\"><div class=\"ult-team-member-name-wrap\"  style=\"text-align:left;padding:40px; \"><h2 class=\"ult-team-member-name ult-responsive\"  data-ultimate-target='.ult-team-member-bio-wrap.ultimate-heading69f38eb650fa7 .ult-team-member-name'  data-responsive-json-new='{\"font-size\":\"desktop:35px;\",\"line-height\":\"desktop:45px;\"}'  style=\"color:#ffffff;\">Marlo Moeller<\/h2><div class=\"ult-team-member-position ult-responsive\"  data-ultimate-target='.ult-team-member-bio-wrap.ultimate-heading69f38eb650fa7 .ult-team-member-position'  data-responsive-json-new='{\"font-size\":\"desktop:20px;\",\"line-height\":\"desktop:34px;\"}'  style=\"color:#ffffff;\">Chief Human Resources Officer (CHRO) R&amp;S International Holding AG<\/div><\/div><div class=\"ult-team_description_slide\"  style=\"text-align:left;padding:40px; \"><div class=\"ult-team-member-description ult-responsive\"  data-ultimate-target='.ult-team-member-bio-wrap.ultimate-heading69f38eb650fa7 .ult-team-member-description'  data-responsive-json-new='{\"font-size\":\"\",\"line-height\":\"\"}'  style=\"color:#ffffff;\"><p>Marlo Moeller ist eine erfahrene F\u00fchrungskraft im Bereich HR und Business Transformation mit nachgewiesener Erfolgsbilanz in leitenden Positionen in unterschiedlichen Branchen. Er trat im Oktober 2025 als Chief Human Resources Officer (CHRO) und Mitglied des erweiterten Gruppenmanagement-Teams bei R&amp;S ein. Zuvor war er als Sr HR Director bei Johnson Controls sowie in verschiedenen Positionen bei Ecolab, TXU Energy und Dell t\u00e4tig.<\/p><\/div><div style=\"margin-bottom:15px\"><\/div><\/div><\/div><\/div>[\/vc_column_inner][vc_column_inner el_class=&#8220;custom_sidebar&#8220; width=&#8220;1\/4&#8243;]<div class=\"ult-team-member-wrap ult-style-2  \" data-responsive_width=\"1050\" style=\"background-color:#000000\"><div class=\"ult-team-member-image\" style=\"\" data-opacity=\"0.7\" data-hover_opacity=\"0.4\" > <img decoding=\"async\" src=\"https:\/\/the-rsgroup.com\/wp-content\/uploads\/2025\/02\/Beda-Brulhart-5.1.jpg\" alt=\"null\"  style=\"opacity:0.7\"><\/div><div class=\"ult-team-member-bio-wrap ultimate-heading69f38eb651e93\"><div class=\"ult-team-member-name-wrap\"  style=\"text-align:left;padding:40px; \"><h2 class=\"ult-team-member-name ult-responsive\"  data-ultimate-target='.ult-team-member-bio-wrap.ultimate-heading69f38eb651e93 .ult-team-member-name'  data-responsive-json-new='{\"font-size\":\"desktop:35px;\",\"line-height\":\"desktop:45px;\"}'  style=\"color:#ffffff;\">Beda Br\u00fclhart<\/h2><div class=\"ult-team-member-position ult-responsive\"  data-ultimate-target='.ult-team-member-bio-wrap.ultimate-heading69f38eb651e93 .ult-team-member-position'  data-responsive-json-new='{\"font-size\":\"desktop:20px;\",\"line-height\":\"desktop:34px;\"}'  style=\"color:#ffffff;\">General Counsel R&amp;S International Holding AG<\/div><\/div><div class=\"ult-team_description_slide\"  style=\"text-align:left;padding:40px; \"><div class=\"ult-team-member-description ult-responsive\"  data-ultimate-target='.ult-team-member-bio-wrap.ultimate-heading69f38eb651e93 .ult-team-member-description'  data-responsive-json-new='{\"font-size\":\"\",\"line-height\":\"\"}'  style=\"color:#ffffff;\"><p>Beda Br\u00fclhart ist seit 2025 Mitglied des erweiterten Gruppenmanagement-Teams der R&amp;S International Holding AG. Zuvor war er als Unternehmensjurist in verschiedenen unterschiedlichen Branchen (Finanzindustrie, ICT, Automobilzulieferung) t\u00e4tig und verf\u00fcgt \u00fcber mehr als 20 Jahre Erfahrung im Aufbau und der F\u00fchrung von Compliance-Management Systemen.<\/p><\/div><div style=\"margin-bottom:15px\"><\/div><\/div><\/div><\/div>[\/vc_column_inner][vc_column_inner el_class=&#8220;custom_sidebar&#8220; width=&#8220;1\/4&#8243;]<div class=\"ult-team-member-wrap ult-style-2  \" data-responsive_width=\"1050\" style=\"background-color:#000000\"><div class=\"ult-team-member-image\" style=\"\" data-opacity=\"0.7\" data-hover_opacity=\"0.4\" > <img decoding=\"async\" src=\"https:\/\/the-rsgroup.com\/wp-content\/uploads\/2019\/08\/Stefan-Vegh-3.jpg\" alt=\"null\"  style=\"opacity:0.7\"><\/div><div class=\"ult-team-member-bio-wrap ultimate-heading69f38eb652984\"><div class=\"ult-team-member-name-wrap\"  style=\"text-align:left;padding:40px; \"><h2 class=\"ult-team-member-name ult-responsive\"  data-ultimate-target='.ult-team-member-bio-wrap.ultimate-heading69f38eb652984 .ult-team-member-name'  data-responsive-json-new='{\"font-size\":\"desktop:35px;\",\"line-height\":\"desktop:45px;\"}'  style=\"color:#ffffff;\">Stefan Vegh<\/h2><div class=\"ult-team-member-position ult-responsive\"  data-ultimate-target='.ult-team-member-bio-wrap.ultimate-heading69f38eb652984 .ult-team-member-position'  data-responsive-json-new='{\"font-size\":\"desktop:20px;\",\"line-height\":\"desktop:34px;\"}'  style=\"color:#ffffff;\">Gesch\u00e4ftsf\u00fchrer Rauscher &amp; St\u00f6cklin<\/div><\/div><div class=\"ult-team_description_slide\"  style=\"text-align:left;padding:40px; \"><div class=\"ult-team-member-description ult-responsive\"  data-ultimate-target='.ult-team-member-bio-wrap.ultimate-heading69f38eb652984 .ult-team-member-description'  data-responsive-json-new='{\"font-size\":\"\",\"line-height\":\"\"}'  style=\"color:#ffffff;\"><p>Stefan Vegh ist seit 2021 Mitglied des erweiterten Gruppenmanagement-Teams der R&amp;S International Holding AG.\u00a0Zuvor hat er f\u00fcr R&amp;S Group als Group Business Controller und stellvertretender CFO sowie Group Project Manager Sales und Head of International Area Sales Manager, gearbeitet. Er begann seine Karriere im Bankensektor.<\/p><\/div><div style=\"margin-bottom:15px\"><\/div><\/div><\/div><\/div>[\/vc_column_inner][vc_column_inner el_class=&#8220;custom_sidebar&#8220; width=&#8220;1\/4&#8243;]<div class=\"ult-team-member-wrap ult-style-2  \" data-responsive_width=\"1050\" style=\"background-color:#000000\"><div class=\"ult-team-member-image\" style=\"\" data-opacity=\"0.7\" data-hover_opacity=\"0.4\" > <img decoding=\"async\" src=\"https:\/\/the-rsgroup.com\/wp-content\/uploads\/2024\/10\/SL.jpg\" alt=\"null\"  style=\"opacity:0.7\"><\/div><div class=\"ult-team-member-bio-wrap ultimate-heading69f38eb6535ed\"><div class=\"ult-team-member-name-wrap\"  style=\"text-align:left;padding:40px; \"><h2 class=\"ult-team-member-name ult-responsive\"  data-ultimate-target='.ult-team-member-bio-wrap.ultimate-heading69f38eb6535ed .ult-team-member-name'  data-responsive-json-new='{\"font-size\":\"desktop:35px;\",\"line-height\":\"desktop:45px;\"}'  style=\"color:#ffffff;\">Stephanie Leonard<\/h2><div class=\"ult-team-member-position ult-responsive\"  data-ultimate-target='.ult-team-member-bio-wrap.ultimate-heading69f38eb6535ed .ult-team-member-position'  data-responsive-json-new='{\"font-size\":\"desktop:20px;\",\"line-height\":\"desktop:34px;\"}'  style=\"color:#ffffff;\">Gesch\u00e4ftsf\u00fchrerin Kyte Powertech<\/div><\/div><div class=\"ult-team_description_slide\"  style=\"text-align:left;padding:40px; \"><div class=\"ult-team-member-description ult-responsive\"  data-ultimate-target='.ult-team-member-bio-wrap.ultimate-heading69f38eb6535ed .ult-team-member-description'  data-responsive-json-new='{\"font-size\":\"\",\"line-height\":\"\"}'  style=\"color:#ffffff;\"><p>Eintritt in das erweiterte Managementteam der R&amp;S International Holding AG im Jahr 2024, nach der \u00dcbernahme von Kyte Powertech durch R&amp;S. Stephanie Leonard ist eine erfahrene Managerin mit mehr als 15 Jahren Erfahrung in der Transformatorenindustrie.<\/p><\/div><div style=\"margin-bottom:15px\"><\/div><\/div><\/div><\/div>[\/vc_column_inner][\/vc_row_inner][vc_row_inner equal_height=&#8220;yes&#8220; gap=&#8220;20&#8243;][vc_column_inner el_class=&#8220;custom_sidebar&#8220; width=&#8220;1\/4&#8243;]<div class=\"ult-team-member-wrap ult-style-2  \" data-responsive_width=\"1050\" style=\"background-color:#000000\"><div class=\"ult-team-member-image\" style=\"\" data-opacity=\"0.7\" data-hover_opacity=\"0.4\" > <img decoding=\"async\" src=\"https:\/\/the-rsgroup.com\/wp-content\/uploads\/2019\/07\/Grzegorz-Soltysiak-scaled-e1581254889287.jpg\" alt=\"null\"  style=\"opacity:0.7\"><\/div><div class=\"ult-team-member-bio-wrap ultimate-heading69f38eb6540ba\"><div class=\"ult-team-member-name-wrap\"  style=\"text-align:left;padding:40px; \"><h2 class=\"ult-team-member-name ult-responsive\"  data-ultimate-target='.ult-team-member-bio-wrap.ultimate-heading69f38eb6540ba .ult-team-member-name'  data-responsive-json-new='{\"font-size\":\"desktop:35px;\",\"line-height\":\"desktop:45px;\"}'  style=\"color:#ffffff;\">Grzegorz So\u0142tysiak<\/h2><div class=\"ult-team-member-position ult-responsive\"  data-ultimate-target='.ult-team-member-bio-wrap.ultimate-heading69f38eb6540ba .ult-team-member-position'  data-responsive-json-new='{\"font-size\":\"desktop:20px;\",\"line-height\":\"desktop:34px;\"}'  style=\"color:#ffffff;\">Gesch\u00e4ftsf\u00fchrer ZREW<\/div><\/div><div class=\"ult-team_description_slide\"  style=\"text-align:left;padding:40px; \"><div class=\"ult-team-member-description ult-responsive\"  data-ultimate-target='.ult-team-member-bio-wrap.ultimate-heading69f38eb6540ba .ult-team-member-description'  data-responsive-json-new='{\"font-size\":\"\",\"line-height\":\"\"}'  style=\"color:#ffffff;\"><p>Grzegorz So\u0142tysiak ist seit 2018 Mitglied des erweiterten Gruppenmanagement-Teams der R&amp;S International Holding AG. Er ist ein erfahrener Manager mit \u00fcber 20 Jahren Erfahrung in der Strom- und Transformatorenbranche.\u00a0Zuvor hat er f\u00fcr ABB in der Gesch\u00e4ftseinheit Power Electronic und Produktgruppe Distribution Transformers, gearbeitet.<\/p><\/div><div style=\"margin-bottom:15px\"><\/div><\/div><\/div><\/div>[\/vc_column_inner][vc_column_inner el_class=&#8220;custom_sidebar&#8220; width=&#8220;1\/4&#8243;]<div class=\"ult-team-member-wrap ult-style-2  \" data-responsive_width=\"1050\" style=\"background-color:#000000\"><div class=\"ult-team-member-image\" style=\"\" data-opacity=\"0.7\" data-hover_opacity=\"0.4\" > <img decoding=\"async\" src=\"https:\/\/the-rsgroup.com\/wp-content\/uploads\/2019\/05\/Matteo-Angiolini-1.jpg\" alt=\"null\"  style=\"opacity:0.7\"><\/div><div class=\"ult-team-member-bio-wrap ultimate-heading69f38eb6548a8\"><div class=\"ult-team-member-name-wrap\"  style=\"text-align:left;padding:40px; \"><h2 class=\"ult-team-member-name ult-responsive\"  data-ultimate-target='.ult-team-member-bio-wrap.ultimate-heading69f38eb6548a8 .ult-team-member-name'  data-responsive-json-new='{\"font-size\":\"desktop:35px;\",\"line-height\":\"desktop:45px;\"}'  style=\"color:#ffffff;\">Matteo Angiolini<\/h2><div class=\"ult-team-member-position ult-responsive\"  data-ultimate-target='.ult-team-member-bio-wrap.ultimate-heading69f38eb6548a8 .ult-team-member-position'  data-responsive-json-new='{\"font-size\":\"desktop:20px;\",\"line-height\":\"desktop:34px;\"}'  style=\"color:#ffffff;\">Gesch\u00e4ftsf\u00fchrer Tesar<\/div><\/div><div class=\"ult-team_description_slide\"  style=\"text-align:left;padding:40px; \"><div class=\"ult-team-member-description ult-responsive\"  data-ultimate-target='.ult-team-member-bio-wrap.ultimate-heading69f38eb6548a8 .ult-team-member-description'  data-responsive-json-new='{\"font-size\":\"\",\"line-height\":\"\"}'  style=\"color:#ffffff;\"><p>Matteo Angiolini ist seit 2016 Mitglied des erweiterten Gruppenmanagement-Teams der R&amp;S International Holding AG. Er ist ein erfahrener Manager mit \u00fcber 15 Jahren Erfahrung in der Strom- und Transformatorenbranche. Zuvor war er Gesch\u00e4ftsf\u00fchrer bei Tesar Polska und Investmentmanager bei Tesar Italien.<\/p><\/div><div style=\"margin-bottom:15px\"><\/div><\/div><\/div><\/div>[\/vc_column_inner][\/vc_row_inner][\/vc_column][\/vc_row]<\/p>\n<\/div>","protected":false},"excerpt":{"rendered":"<p>[vc_section full_width=&#8220;stretch_row&#8220; content_placement=&#8220;middle&#8220; min_height=&#8220;480&#8243; css=&#8220;.vc_custom_1763458178255{background-image: url(https:\/\/the-rsgroup.com\/wp-content\/uploads\/2025\/09\/version2-scaled.webp?id=24384) !important;background-position: center !important;background-repeat: no-repeat !important;background-size: cover !important;}&#8220; el_class=&#8220;inner-page-banner-section&#8220;][vc_row][vc_column][apress_heading sub_title=&#8220;&#8220; content_alignment=&#8220;left&#8220; data_animation=&#8220;fadeInRight&#8220; enable_delimiter=&#8220;&#8220; style=&#8220;heading_style1&#8243; title_font_options=&#8220;tag:h1&#8243; subtitle_font_options=&#8220;tag:div&#8220;]Organisation \/ Struktur[\/apress_heading][\/vc_column][\/vc_row][\/vc_section][vc_row css=&#8220;.vc_custom_1758173025204{padding-top: 80px !important;padding-bottom: 80px !important;}&#8220;][vc_column apress_zindex=&#8220;9&#8243; css=&#8220;.vc_custom_1701013509166{padding-top: 0px !important;padding-bottom: 0px !important;}&#8220; el_class=&#8220;custom_sidebar high_zIndex&#8220;][apress_heading sub_title=&#8220;&#8220; content_alignment=&#8220;left&#8220; enable_delimiter=&#8220;&#8220; color_scheme=&#8220;color_scheme1&#8243;&hellip;<\/p>\n","protected":false},"author":1,"featured_media":0,"parent":3750,"menu_order":0,"comment_status":"closed","ping_status":"closed","template":"template-fullwidth-page.php","meta":{"_acf_changed":false,"_monsterinsights_skip_tracking":false,"_monsterinsights_sitenote_active":false,"_monsterinsights_sitenote_note":"","_monsterinsights_sitenote_category":0,"footnotes":""},"class_list":["post-18049","page","type-page","status-publish","hentry"],"acf":[],"_links":{"self":[{"href":"https:\/\/the-rsgroup.com\/de\/wp-json\/wp\/v2\/pages\/18049","targetHints":{"allow":["GET"]}}],"collection":[{"href":"https:\/\/the-rsgroup.com\/de\/wp-json\/wp\/v2\/pages"}],"about":[{"href":"https:\/\/the-rsgroup.com\/de\/wp-json\/wp\/v2\/types\/page"}],"author":[{"embeddable":true,"href":"https:\/\/the-rsgroup.com\/de\/wp-json\/wp\/v2\/users\/1"}],"replies":[{"embeddable":true,"href":"https:\/\/the-rsgroup.com\/de\/wp-json\/wp\/v2\/comments?post=18049"}],"version-history":[{"count":80,"href":"https:\/\/the-rsgroup.com\/de\/wp-json\/wp\/v2\/pages\/18049\/revisions"}],"predecessor-version":[{"id":35970,"href":"https:\/\/the-rsgroup.com\/de\/wp-json\/wp\/v2\/pages\/18049\/revisions\/35970"}],"up":[{"embeddable":true,"href":"https:\/\/the-rsgroup.com\/de\/wp-json\/wp\/v2\/pages\/3750"}],"wp:attachment":[{"href":"https:\/\/the-rsgroup.com\/de\/wp-json\/wp\/v2\/media?parent=18049"}],"curies":[{"name":"wp","href":"https:\/\/api.w.org\/{rel}","templated":true}]}}