{"id":8151,"date":"2019-10-23T20:15:47","date_gmt":"2019-10-23T20:15:47","guid":{"rendered":"http:\/\/the-rsgroup.com\/newsroom\/events"},"modified":"2026-03-23T13:59:06","modified_gmt":"2026-03-23T13:59:06","slug":"events","status":"publish","type":"page","link":"https:\/\/the-rsgroup.com\/de\/newsroom\/events\/","title":{"rendered":"Events"},"content":{"rendered":"<div class=\"wpb-content-wrapper\"><p>[vc_section full_width=&#8220;stretch_row&#8220; content_placement=&#8220;middle&#8220; min_height=&#8220;480&#8243; css=&#8220;.vc_custom_1763429711878{background-image: url(https:\/\/the-rsgroup.com\/wp-content\/uploads\/2025\/11\/Header_Events.jpg?id=26809) !important;background-position: center !important;background-repeat: no-repeat !important;background-size: cover !important;}&#8220; el_class=&#8220;inner-page-banner-section&#8220;][vc_row][vc_column][apress_heading sub_title=&#8220;&#8220; content_alignment=&#8220;left&#8220; data_animation=&#8220;fadeInRight&#8220; enable_delimiter=&#8220;&#8220; style=&#8220;heading_style1&#8243; title_font_options=&#8220;tag:h1&#8243; subtitle_font_options=&#8220;tag:div&#8220;]Events &amp; Messen[\/apress_heading][\/vc_column][\/vc_row][\/vc_section][vc_row equal_height=&#8220;yes&#8220; css=&#8220;.vc_custom_1758536521973{margin-top: 0px !important;margin-bottom: 0px !important;border-bottom-width: 0px !important;padding-top: 80px !important;padding-bottom: 80px !important;}&#8220;][vc_column][apress_heading sub_title=&#8220;&#8220; content_alignment=&#8220;left&#8220; enable_delimiter=&#8220;&#8220; color_scheme=&#8220;color_scheme1&#8243; style=&#8220;heading_style5&#8243; title_font_options=&#8220;tag:h2|letter_spacing:1&#8243; subtitle_font_options=&#8220;tag:div&#8220; subheading_margin=&#8220;margin-top:30|margin-bottom:30&#8243; class=&#8220;h2-heading-custom&#8220;]R&amp;S Group live erleben[\/apress_heading][vc_column_text css=&#8220;&#8220;]Auf dieser Seite finden Sie alle aktuellen Messeauftritte, Kongresse, Fachveranstaltungen und Web-Events der R&amp;S Group. Ob Sie Informationen zu unseren Transformatoren, zum Netzausbau, zu erneuerbaren Energien oder zu industriellen Anwendungen suchen \u2013 Sie sind herzlich eingeladen um mit uns direkt in den Austausch zu gehen.<\/p>\n<p>Nutzen Sie die Gelegenheit, unsere Marken Rauscher &amp; Stoecklin, Tesar, ZREW und Kyte Powertech pers\u00f6nlich kennenzulernen, sich \u00fcber neue Produkte und L\u00f6sungen zu informieren und konkrete Projekte mit unseren Spezialisten zu besprechen.<br \/>\nWir freuen uns darauf, Sie bei einem unserer n\u00e4chsten Events zu treffen.[\/vc_column_text][\/vc_column][\/vc_row][vc_row full_width=&#8220;stretch_row_content_no_spaces&#8220; css=&#8220;.vc_custom_1763430399890{padding-top: 30px !important;padding-bottom: 30px !important;background-color: #F2F5FA !important;}&#8220;][vc_column width=&#8220;1\/4&#8243;][vc_single_image image=&#8220;26851&#8243; img_size=&#8220;large&#8220; css=&#8220;&#8220;][\/vc_column][vc_column width=&#8220;3\/4&#8243;][vc_column_text css=&#8220;&#8220;]<a href=\"https:\/\/datacenternation.com\/dcn-riyadh-2026\/\" target=\"_blank\" rel=\"noopener\">https:\/\/datacenternation.com\/dcn-riyadh-2026\/<\/a><\/p>\n<p>Event and conference focused on the data center and digital infrastructure industry. Meeting point for hyperscalers, investors and enterprise data center end-users.[\/vc_column_text][vc_column_text css=&#8220;&#8220;]Data Center Nation<br \/>\nRiyadh, KSA<br \/>\n<strong>28.01.2026<\/strong>[\/vc_column_text][\/vc_column][\/vc_row][vc_row full_width=&#8220;stretch_row_content_no_spaces&#8220; css=&#8220;.vc_custom_1763430408887{padding-top: 30px !important;padding-bottom: 30px !important;}&#8220;][vc_column width=&#8220;1\/4&#8243;][vc_single_image image=&#8220;26857&#8243; img_size=&#8220;medium&#8220; css=&#8220;&#8220;][\/vc_column][vc_column width=&#8220;3\/4&#8243;][vc_column_text css=&#8220;&#8220;]<a href=\"https:\/\/en.key-expo.com\/\" target=\"_blank\" rel=\"noopener\">https:\/\/en.key-expo.com\/<\/a><\/p>\n<p>KEY Energy &#8211; The Energy Transition Expo[\/vc_column_text][vc_column_text css=&#8220;&#8220;]KEY Energy<br \/>\nRimini, Italy<br \/>\n<strong>4-6.03.2026<\/strong>[\/vc_column_text][\/vc_column][\/vc_row][vc_row full_width=&#8220;stretch_row_content_no_spaces&#8220; css=&#8220;.vc_custom_1763430416902{padding-top: 30px !important;padding-bottom: 30px !important;background-color: #F2F5FA !important;}&#8220;][vc_column width=&#8220;1\/4&#8243;][vc_single_image image=&#8220;26863&#8243; img_size=&#8220;large&#8220; css=&#8220;&#8220;][\/vc_column][vc_column width=&#8220;3\/4&#8243;][vc_column_text css=&#8220;&#8220;]<a href=\"https:\/\/www.datacentreworld.com\/\" target=\"_blank\" rel=\"noopener\">https:\/\/www.datacentreworld.com\/<\/a><\/p>\n<p>The largest data centre event in the world.[\/vc_column_text][vc_column_text css=&#8220;&#8220;]Data Centre World<br \/>\nLondon, England<br \/>\n<strong>4-5.03.2026<\/strong>[\/vc_column_text][\/vc_column][\/vc_row][vc_row full_width=&#8220;stretch_row_content_no_spaces&#8220; css=&#8220;.vc_custom_1763430408887{padding-top: 30px !important;padding-bottom: 30px !important;}&#8220;][vc_column width=&#8220;1\/4&#8243;][vc_single_image image=&#8220;26869&#8243; css=&#8220;&#8220;][\/vc_column][vc_column width=&#8220;3\/4&#8243;][vc_column_text css=&#8220;&#8220;]<a href=\"https:\/\/www.amper.cz\/en.html\" target=\"_blank\" rel=\"noopener\">https:\/\/www.amper.cz\/en.html<\/a><\/p>\n<p>International Trade Fair for Electrical Engineering, Electronics and Energy[\/vc_column_text][vc_column_text css=&#8220;&#8220;]Amper<br \/>\nBrno, Czech Republic<br \/>\n<strong>17-19.03.2026<\/strong>[\/vc_column_text][\/vc_column][\/vc_row][vc_row full_width=&#8220;stretch_row_content_no_spaces&#8220; css=&#8220;.vc_custom_1763430416902{padding-top: 30px !important;padding-bottom: 30px !important;background-color: #F2F5FA !important;}&#8220;][vc_column width=&#8220;1\/4&#8243;][vc_single_image image=&#8220;26827&#8243; img_size=&#8220;medium&#8220; css=&#8220;&#8220;][\/vc_column][vc_column width=&#8220;3\/4&#8243;][vc_column_text css=&#8220;&#8220;]<a href=\"https:\/\/konferencja.e-magazyny.pl\/\" target=\"_blank\" rel=\"noopener\">https:\/\/konferencja.e-magazyny.pl\/<\/a><\/p>\n<p>Energy Transition and Energy Storage &#8211; e-greenify.com Conference[\/vc_column_text][vc_column_text css=&#8220;&#8220;]E-Magazyny<br \/>\nWarsaw, Poland<br \/>\n<strong>28-29.04.2026<\/strong>[\/vc_column_text][\/vc_column][\/vc_row][vc_row full_width=&#8220;stretch_row_content_no_spaces&#8220; css=&#8220;.vc_custom_1763430408887{padding-top: 30px !important;padding-bottom: 30px !important;}&#8220;][vc_column width=&#8220;1\/4&#8243;][vc_single_image image=&#8220;26833&#8243; img_size=&#8220;medium&#8220; css=&#8220;&#8220;][\/vc_column][vc_column width=&#8220;3\/4&#8243;][vc_column_text css=&#8220;&#8220;]<a href=\"https:\/\/entre.ee\/electricity2025\/\" target=\"_blank\" rel=\"noopener\">https:\/\/entre.ee\/electricity2025\/<\/a><\/p>\n<p>\u201cA place where the leaders of the electrical field meet and new opportunities are born!\u201d &#8211; Estonia&#8217;s largest annual trade fair focused on the electrical and industrial fields[\/vc_column_text][vc_column_text css=&#8220;&#8220;]Electricity<br \/>\nTallinn, Estonia<br \/>\n<strong>29.04.2026<\/strong>[\/vc_column_text][\/vc_column][\/vc_row][vc_row full_width=&#8220;stretch_row_content_no_spaces&#8220; css=&#8220;.vc_custom_1774016589810{padding-top: 30px !important;padding-bottom: 30px !important;background-color: #F2F5FA !important;}&#8220;][vc_column width=&#8220;1\/4&#8243;][vc_single_image image=&#8220;36321&#8243; img_size=&#8220;medium&#8220; css=&#8220;&#8220;][\/vc_column][vc_column width=&#8220;3\/4&#8243;][vc_column_text css=&#8220;&#8220;]<a href=\"https:\/\/oslotechshow.com\/\" target=\"_blank\" rel=\"noopener\">https:\/\/oslotechshow.com\/<\/a><\/p>\n<p>Tech Dreams Become Reality[\/vc_column_text][vc_column_text css=&#8220;&#8220;]Oslo Tech Show<br \/>\nOslo, Norway<br \/>\n<strong>6-7.05.2026<\/strong>[\/vc_column_text][\/vc_column][\/vc_row][vc_row full_width=&#8220;stretch_row_content_no_spaces&#8220; css=&#8220;.vc_custom_1763430408887{padding-top: 30px !important;padding-bottom: 30px !important;}&#8220;][vc_column width=&#8220;1\/4&#8243;][vc_single_image image=&#8220;36282&#8243; img_size=&#8220;medium&#8220; css=&#8220;&#8220;][\/vc_column][vc_column width=&#8220;3\/4&#8243;][vc_column_text css=&#8220;&#8220;]<a href=\"https:\/\/gritec.com\/de\/hausmesse\/\" target=\"_blank\" rel=\"noopener\">https:\/\/gritec.com\/de\/hausmesse\/<\/a><\/p>\n<p>[\/vc_column_text][vc_column_text css=&#8220;&#8220;]GRITEC Energy Conference<br \/>\nSt. Leon-Rot, Germany<br \/>\n<strong>07.05.2026<\/strong>[\/vc_column_text][\/vc_column][\/vc_row][vc_row full_width=&#8220;stretch_row_content_no_spaces&#8220; css=&#8220;.vc_custom_1774016645497{padding-top: 30px !important;padding-bottom: 30px !important;background-color: #F2F5FA !important;}&#8220;][vc_column width=&#8220;1\/4&#8243;][vc_single_image image=&#8220;36334&#8243; img_size=&#8220;medium&#8220; css=&#8220;&#8220;][\/vc_column][vc_column width=&#8220;3\/4&#8243;][vc_column_text css=&#8220;&#8220;]<a href=\"https:\/\/www.all-energy.co.uk\/\" target=\"_blank\" rel=\"noopener\">https:\/\/www.all-energy.co.uk\/<\/a><\/p>\n<p>Powering the Future of Energy[\/vc_column_text][vc_column_text css=&#8220;&#8220;]All Energy<br \/>\nGlasgow, Scotland<br \/>\n<strong>13-14.05.2026<\/strong>[\/vc_column_text][\/vc_column][\/vc_row][vc_row full_width=&#8220;stretch_row_content_no_spaces&#8220; css=&#8220;.vc_custom_1774016688935{padding-top: 30px !important;padding-bottom: 30px !important;background-color: #FFFFFF !important;}&#8220;][vc_column width=&#8220;1\/4&#8243;][vc_single_image image=&#8220;26851&#8243; img_size=&#8220;large&#8220; css=&#8220;&#8220;][\/vc_column][vc_column width=&#8220;3\/4&#8243;][vc_column_text css=&#8220;&#8220;]<a href=\"https:\/\/datacenternation.com\/dcn-milan\/\" target=\"_blank\" rel=\"noopener\">https:\/\/datacenternation.com\/dcn-milan\/<\/a><\/p>\n<p>The flagship event for the Italian Data Center Ecosystem[\/vc_column_text][vc_column_text css=&#8220;&#8220;]Data Center Nation<br \/>\nMilan, Italy<br \/>\n<strong>27.05.2026<\/strong>[\/vc_column_text][\/vc_column][\/vc_row][vc_row full_width=&#8220;stretch_row_content_no_spaces&#8220; css=&#8220;.vc_custom_1774016705164{padding-top: 30px !important;padding-bottom: 30px !important;background-color: #F2F5FA !important;}&#8220;][vc_column width=&#8220;1\/4&#8243;][vc_single_image image=&#8220;36341&#8243; img_size=&#8220;medium&#8220; css=&#8220;&#8220;][\/vc_column][vc_column width=&#8220;3\/4&#8243;][vc_column_text css=&#8220;&#8220;]<a href=\"https:\/\/stockholmtechshow.se\/\" target=\"_blank\" rel=\"noopener\">https:\/\/stockholmtechshow.se\/<\/a><\/p>\n<p>Tech Dreams Become Reality[\/vc_column_text][vc_column_text css=&#8220;&#8220;]Stockholm Tech Show<br \/>\nStockholm, Sweden<br \/>\n<strong>26-27.05.2026<\/strong>[\/vc_column_text][\/vc_column][\/vc_row][vc_row full_width=&#8220;stretch_row_content_no_spaces&#8220; css=&#8220;.vc_custom_1763430408887{padding-top: 30px !important;padding-bottom: 30px !important;}&#8220;][vc_column width=&#8220;1\/4&#8243;][vc_single_image image=&#8220;36288&#8243; img_size=&#8220;medium&#8220; css=&#8220;&#8220;][\/vc_column][vc_column width=&#8220;3\/4&#8243;][vc_column_text css=&#8220;&#8220;]<a href=\"https:\/\/hk-c.de\/energietage\/\" target=\"_blank\" rel=\"noopener\">https:\/\/hk-c.de\/energietage\/<\/a><\/p>\n<p>The trade fair for energy technology in Northern Germany[\/vc_column_text][vc_column_text css=&#8220;&#8220;]Koopmann Energietage<br \/>\nCloppenburg, Germany<br \/>\n<strong>10-11.06.2026<\/strong>[\/vc_column_text][\/vc_column][\/vc_row][vc_row full_width=&#8220;stretch_row_content_no_spaces&#8220; css=&#8220;.vc_custom_1774016736582{padding-top: 30px !important;padding-bottom: 30px !important;background-color: #F2F5FA !important;}&#8220;][vc_column width=&#8220;1\/4&#8243;][vc_single_image image=&#8220;36308&#8243; img_size=&#8220;medium&#8220; css=&#8220;&#8220;][\/vc_column][vc_column width=&#8220;3\/4&#8243;][vc_column_text css=&#8220;&#8220;]<a href=\"https:\/\/www.ieh.uni-stuttgart.de\/symposium\/\" target=\"_blank\" rel=\"noopener\">https:\/\/www.ieh.uni-stuttgart.de\/symposium\/<\/a><\/p>\n<p>[\/vc_column_text][vc_column_text css=&#8220;&#8220;]Stuttgarter Hochspannungssymposium<br \/>\nStuttgart, Germany<br \/>\n<strong>16-17.06.2026<\/strong>[\/vc_column_text][\/vc_column][\/vc_row][vc_row full_width=&#8220;stretch_row_content_no_spaces&#8220; css=&#8220;.vc_custom_1763430408887{padding-top: 30px !important;padding-bottom: 30px !important;}&#8220;][vc_column width=&#8220;1\/4&#8243;][vc_single_image image=&#8220;36348&#8243; img_size=&#8220;medium&#8220; css=&#8220;&#8220;][\/vc_column][vc_column width=&#8220;3\/4&#8243;][vc_column_text css=&#8220;&#8220;]<a href=\"https:\/\/www.powertage.ch\/en\" target=\"_blank\" rel=\"noopener\">https:\/\/www.powertage.ch\/en<\/a><\/p>\n<p>Platform for the Swiss Electricity Industry<br \/>\nForum \u2013 Networking \u2013 Exhibiton[\/vc_column_text][vc_column_text css=&#8220;&#8220;]Powertage<br \/>\nZurich, Switzerland<br \/>\n<strong>16-18.06.2026<\/strong>[\/vc_column_text][\/vc_column][\/vc_row][vc_row full_width=&#8220;stretch_row_content_no_spaces&#8220; css=&#8220;.vc_custom_1774016753125{padding-top: 30px !important;padding-bottom: 30px !important;background-color: #F2F5FA !important;}&#8220;][vc_column width=&#8220;1\/4&#8243;][vc_single_image image=&#8220;36355&#8243; img_size=&#8220;medium&#8220; css=&#8220;&#8220;][\/vc_column][vc_column width=&#8220;3\/4&#8243;][vc_column_text css=&#8220;&#8220;]<a href=\"https:\/\/solarirelandconference.ie\/\" target=\"_blank\" rel=\"noopener\">https:\/\/solarirelandconference.ie\/<\/a><\/p>\n<p>Energising Life \u2013 Decarbonising how we live[\/vc_column_text][vc_column_text css=&#8220;&#8220;]Solar Ireland<br \/>\nDublin, Ireland<br \/>\n<strong>18.06.2026<\/strong>[\/vc_column_text][\/vc_column][\/vc_row][vc_row full_width=&#8220;stretch_row_content_no_spaces&#8220; css=&#8220;.vc_custom_1763430408887{padding-top: 30px !important;padding-bottom: 30px !important;}&#8220;][vc_column width=&#8220;1\/4&#8243;][vc_single_image image=&#8220;36275&#8243; img_size=&#8220;medium&#8220; css=&#8220;&#8220;][\/vc_column][vc_column width=&#8220;3\/4&#8243;][vc_column_text css=&#8220;&#8220;]<a href=\"https:\/\/www.intersolar.de\/home\" target=\"_blank\" rel=\"noopener\">www.intersolar.de\/home<\/a><\/p>\n<p>The World\u2019s Leading Exhibition for the Solar Industry<\/p>\n<p>[\/vc_column_text][vc_column_text css=&#8220;&#8220;]Intersolar Europe 2026<br \/>\nM\u00fcnchen, Germany<br \/>\n<strong>23-25.06.2026<\/strong>[\/vc_column_text][\/vc_column][\/vc_row][vc_row full_width=&#8220;stretch_row_content_no_spaces&#8220; css=&#8220;.vc_custom_1774016783577{padding-top: 30px !important;padding-bottom: 30px !important;background-color: #F2F5FA !important;}&#8220;][vc_column width=&#8220;1\/4&#8243;][vc_single_image image=&#8220;36361&#8243; img_size=&#8220;medium&#8220; css=&#8220;&#8220;][\/vc_column][vc_column width=&#8220;3\/4&#8243;][vc_column_text css=&#8220;&#8220;]<a href=\"https:\/\/www.cigre-exhibition.com\/form\/\" target=\"_blank\" rel=\"noopener\">https:\/\/www.cigre-exhibition.com\/form\/<\/a><\/p>\n<p>The CIGRE Session is the leading knowledge forum for Power Systems experts[\/vc_column_text][vc_column_text css=&#8220;&#8220;]CIGRE 2026<br \/>\nParis, France<br \/>\n<strong>23-28.08.2026<\/strong>[\/vc_column_text][\/vc_column][\/vc_row][vc_row full_width=&#8220;stretch_row_content_no_spaces&#8220; css=&#8220;.vc_custom_1774017003109{padding-top: 30px !important;padding-bottom: 30px !important;background-color: #FFFFFF !important;}&#8220;][vc_column width=&#8220;1\/4&#8243;][vc_single_image image=&#8220;26839&#8243; css=&#8220;&#8220;][\/vc_column][vc_column width=&#8220;3\/4&#8243;][vc_column_text css=&#8220;&#8220;]<a href=\"https:\/\/www.middleeast-energy.com\/en\/home.html\" target=\"_blank\" rel=\"noopener\">https:\/\/www.middleeast-energy.com\/en\/home.html<\/a><\/p>\n<p>The Middle East&#8217;s definitive energy marketplace \u2013 \u201cWhere the energy transition becomes reality\u201d[\/vc_column_text][vc_column_text css=&#8220;&#8220;]Middle East Energy<br \/>\nDubai, UAE<br \/>\n<strong>1-3.09.2026<\/strong>[\/vc_column_text][\/vc_column][\/vc_row][vc_row full_width=&#8220;stretch_row_content_no_spaces&#8220; css=&#8220;.vc_custom_1774017013490{padding-top: 30px !important;padding-bottom: 30px !important;background-color: #F2F5FA !important;}&#8220;][vc_column width=&#8220;1\/4&#8243;][vc_single_image image=&#8220;36393&#8243; css=&#8220;&#8220;][\/vc_column][vc_column width=&#8220;3\/4&#8243;][vc_column_text css=&#8220;&#8220;]<a href=\"https:\/\/energetab.pl\/en\/\" target=\"_blank\" rel=\"noopener\">https:\/\/energetab.pl\/en\/<\/a><\/p>\n<p>The biggest energy trade fair in Central Europe[\/vc_column_text][vc_column_text css=&#8220;&#8220;]ENERGETAB<br \/>\nBielsko-Bia\u0142a, Poland<br \/>\n<strong>15-17.09.2026<\/strong>[\/vc_column_text][\/vc_column][\/vc_row][vc_row full_width=&#8220;stretch_row_content_no_spaces&#8220; css=&#8220;.vc_custom_1774017025107{padding-top: 30px !important;padding-bottom: 30px !important;background-color: #FFFFFF !important;}&#8220;][vc_column width=&#8220;1\/4&#8243;][vc_single_image image=&#8220;36301&#8243; img_size=&#8220;medium&#8220; css=&#8220;&#8220;][\/vc_column][vc_column width=&#8220;3\/4&#8243;][vc_column_text css=&#8220;&#8220;]<a href=\"https:\/\/www.windenergyhamburg.com\/\" target=\"_blank\" rel=\"noopener\">https:\/\/www.windenergyhamburg.com\/<\/a><\/p>\n<p>The next level of the energy transition: WindEnergy Hamburg points the way.[\/vc_column_text][vc_column_text css=&#8220;&#8220;]WindEnergy Hamburg<br \/>\nHamburg, Germany<br \/>\n<strong>22-25.09.2026<\/strong>[\/vc_column_text][\/vc_column][\/vc_row][vc_row full_width=&#8220;stretch_row_content_no_spaces&#8220; css=&#8220;.vc_custom_1774017073609{padding-top: 30px !important;padding-bottom: 30px !important;background-color: #F2F5FA !important;}&#8220;][vc_column width=&#8220;1\/4&#8243;][vc_single_image image=&#8220;36314&#8243; img_size=&#8220;medium&#8220; css=&#8220;&#8220;][\/vc_column][vc_column width=&#8220;3\/4&#8243;][vc_column_text css=&#8220;&#8220;]<a href=\"https:\/\/www.innotrans.de\/en\" target=\"_blank\" rel=\"noopener\">https:\/\/www.innotrans.de\/en<\/a><\/p>\n<p>International Trade Fair for Transport Technology[\/vc_column_text][vc_column_text css=&#8220;&#8220;]InnoTrans<br \/>\nBerlin, Germany<br \/>\n<strong>22-25.09.2026<\/strong>[\/vc_column_text][\/vc_column][\/vc_row][vc_row full_width=&#8220;stretch_row_content_no_spaces&#8220; css=&#8220;.vc_custom_1774017084361{padding-top: 30px !important;padding-bottom: 30px !important;background-color: #FFFFFF !important;}&#8220;][vc_column width=&#8220;1\/4&#8243;][vc_single_image image=&#8220;36373&#8243; img_size=&#8220;medium&#8220; css=&#8220;&#8220;][\/vc_column][vc_column width=&#8220;3\/4&#8243;][vc_column_text css=&#8220;&#8220;]<a href=\"https:\/\/www.terrapinn.com\/exhibition\/solar-storage-live\/index.stm\" target=\"_blank\" rel=\"noopener\">https:\/\/www.terrapinn.com\/exhibition\/solar-storage-live\/index.stm<\/a><\/p>\n<p>Design. Install. Operate.<br \/>\nResidential, C&amp;I\u00a0and Utility Solar and Storage Projects[\/vc_column_text][vc_column_text css=&#8220;&#8220;]Solar &amp; Storage<br \/>\nBirmingham, England<br \/>\n<strong>22-24.09.2026<\/strong>[\/vc_column_text][\/vc_column][\/vc_row][vc_row full_width=&#8220;stretch_row_content_no_spaces&#8220; css=&#8220;.vc_custom_1774017098048{padding-top: 30px !important;padding-bottom: 30px !important;background-color: #F2F5FA !important;}&#8220;][vc_column width=&#8220;1\/4&#8243;][vc_single_image image=&#8220;36385&#8243; img_size=&#8220;medium&#8220; css=&#8220;&#8220;][\/vc_column][vc_column width=&#8220;3\/4&#8243;][vc_column_text css=&#8220;&#8220;]<a href=\"https:\/\/renewablesevents.fi\/wind-2026\/\" target=\"_blank\" rel=\"noopener\">https:\/\/renewablesevents.fi\/wind-2026\/<\/a><\/p>\n<p class=\"vcex-heading vcex-heading-plain vcex-module wpex-heading wpex-text-2xl wpex-text-left vcex_69bd53ad4e061\"><span class=\"vcex-heading-inner wpex-inline-block\">Experience the leading wind power event in the Nordics<\/span><\/p>\n<p>[\/vc_column_text][vc_column_text css=&#8220;&#8220;]Wind<br \/>\nHelsinki, Finland<br \/>\n<strong>29.09.2026<\/strong>[\/vc_column_text][\/vc_column][\/vc_row]<\/p>\n<\/div>","protected":false},"excerpt":{"rendered":"<p>[vc_section full_width=&#8220;stretch_row&#8220; content_placement=&#8220;middle&#8220; min_height=&#8220;480&#8243; css=&#8220;.vc_custom_1763429711878{background-image: url(https:\/\/the-rsgroup.com\/wp-content\/uploads\/2025\/11\/Header_Events.jpg?id=26809) !important;background-position: center !important;background-repeat: no-repeat !important;background-size: cover !important;}&#8220; el_class=&#8220;inner-page-banner-section&#8220;][vc_row][vc_column][apress_heading sub_title=&#8220;&#8220; content_alignment=&#8220;left&#8220; data_animation=&#8220;fadeInRight&#8220; enable_delimiter=&#8220;&#8220; style=&#8220;heading_style1&#8243; title_font_options=&#8220;tag:h1&#8243; subtitle_font_options=&#8220;tag:div&#8220;]Events &amp; Messen[\/apress_heading][\/vc_column][\/vc_row][\/vc_section][vc_row equal_height=&#8220;yes&#8220; css=&#8220;.vc_custom_1758536521973{margin-top: 0px !important;margin-bottom: 0px !important;border-bottom-width: 0px !important;padding-top: 80px !important;padding-bottom: 80px !important;}&#8220;][vc_column][apress_heading sub_title=&#8220;&#8220; content_alignment=&#8220;left&#8220; enable_delimiter=&#8220;&#8220; color_scheme=&#8220;color_scheme1&#8243; style=&#8220;heading_style5&#8243;&hellip;<\/p>\n","protected":false},"author":1,"featured_media":0,"parent":8141,"menu_order":0,"comment_status":"closed","ping_status":"closed","template":"template-fullwidth-page.php","meta":{"_acf_changed":false,"_monsterinsights_skip_tracking":false,"_monsterinsights_sitenote_active":false,"_monsterinsights_sitenote_note":"","_monsterinsights_sitenote_category":0,"footnotes":""},"class_list":["post-8151","page","type-page","status-publish","hentry"],"acf":[],"_links":{"self":[{"href":"https:\/\/the-rsgroup.com\/de\/wp-json\/wp\/v2\/pages\/8151","targetHints":{"allow":["GET"]}}],"collection":[{"href":"https:\/\/the-rsgroup.com\/de\/wp-json\/wp\/v2\/pages"}],"about":[{"href":"https:\/\/the-rsgroup.com\/de\/wp-json\/wp\/v2\/types\/page"}],"author":[{"embeddable":true,"href":"https:\/\/the-rsgroup.com\/de\/wp-json\/wp\/v2\/users\/1"}],"replies":[{"embeddable":true,"href":"https:\/\/the-rsgroup.com\/de\/wp-json\/wp\/v2\/comments?post=8151"}],"version-history":[{"count":42,"href":"https:\/\/the-rsgroup.com\/de\/wp-json\/wp\/v2\/pages\/8151\/revisions"}],"predecessor-version":[{"id":36412,"href":"https:\/\/the-rsgroup.com\/de\/wp-json\/wp\/v2\/pages\/8151\/revisions\/36412"}],"up":[{"embeddable":true,"href":"https:\/\/the-rsgroup.com\/de\/wp-json\/wp\/v2\/pages\/8141"}],"wp:attachment":[{"href":"https:\/\/the-rsgroup.com\/de\/wp-json\/wp\/v2\/media?parent=8151"}],"curies":[{"name":"wp","href":"https:\/\/api.w.org\/{rel}","templated":true}]}}